{"id":1549,"date":"2020-10-26T11:03:33","date_gmt":"2020-10-26T10:03:33","guid":{"rendered":"https:\/\/www.lafruitiere.com\/rechtlicher-hinweis\/"},"modified":"2026-04-23T12:43:39","modified_gmt":"2026-04-23T10:43:39","slug":"rechtlicher-hinweis","status":"publish","type":"page","link":"https:\/\/www.lafruitiere.com\/de\/rechtlicher-hinweis\/","title":{"rendered":"Rechtlicher Hinweis"},"content":{"rendered":"\n<h2 class=\"wp-block-heading\">1. Vorstellung der Website.<\/h2>\n\n\n\n<p>Gem\u00e4\u00df Artikel 6 des Gesetzes Nr. 2004-575 vom 21. Juni 2004 \u00fcber das Vertrauen in die digitale Wirtschaft werden die Nutzer der Website <a href=\"http:\/\/www.lafruitiere.com\/de\/\">www.lafruitiere.com<\/a> \u00fcber die Identit\u00e4t der verschiedenen Beteiligten an der Erstellung und Betreuung der Website informiert:<\/p>\n\n\n\n<p><strong>Eigent\u00fcmer<\/strong>: La Fruiti\u00e8re du Val Evel \u2013 Vereinfachte Aktiengesellschaft (SAS) \u2013 10, Luzunin 56500 NAIZIN<br><strong>Ersteller<\/strong>: Lamourduweb<br><strong>Verantwortlich f\u00fcr die Ver\u00f6ffentlichung<\/strong>: Bertrand Gilot \u2013 <a>bgilot@lafruitiere.com<\/a><br>Der Verantwortliche f\u00fcr die Ver\u00f6ffentlichung ist eine nat\u00fcrliche oder juristische Person.<br><strong>Webmaster<\/strong>: Bertrand Gilot \u2013 <a>bgilot@lafruitiere.com<\/a><br><strong>Hosting-Anbieter<\/strong>: Lamourduweb<br><strong>Bildnachweise<\/strong>: Yves Berrier<\/p>\n\n\n\n<h2 class=\"wp-block-heading\">2. Allgemeine Nutzungsbedingungen der Website und der angebotenen Dienstleistungen.<\/h2>\n\n\n\n<p>Die Nutzung der Website <a href=\"http:\/\/www.lafruitiere.com\/de\/\">www.lafruitiere.com<\/a> setzt die vollst\u00e4ndige und uneingeschr\u00e4nkte Annahme der nachstehend beschriebenen allgemeinen Nutzungsbedingungen voraus. Diese Nutzungsbedingungen k\u00f6nnen jederzeit ge\u00e4ndert oder erg\u00e4nzt werden; die Nutzer der Website <a href=\"http:\/\/www.lafruitiere.com\/de\/\">www.lafruitiere.com<\/a> werden daher gebeten, sie regelm\u00e4\u00dfig zu konsultieren.<\/p>\n\n\n\n<p>Diese Website ist den Nutzern grunds\u00e4tzlich jederzeit zug\u00e4nglich. Eine Unterbrechung aufgrund technischer Wartungsarbeiten kann jedoch von La Fruiti\u00e8re du Val Evel beschlossen werden, die sich in diesem Fall bem\u00fchen wird, die Nutzer im Voraus \u00fcber die Termine und Uhrzeiten der Ma\u00dfnahme zu informieren.<\/p>\n\n\n\n<p>Die Website <a href=\"http:\/\/www.lafruitiere.com\/de\/\">www.lafruitiere.com<\/a> wird regelm\u00e4\u00dfig von Bertrand Gilot aktualisiert. Ebenso k\u00f6nnen die rechtlichen Hinweise jederzeit ge\u00e4ndert werden; sie gelten jedoch verbindlich f\u00fcr den Nutzer, der gebeten wird, sie so oft wie m\u00f6glich zu konsultieren, um sich \u00fcber den Inhalt zu informieren.<\/p>\n\n\n\n<h2 class=\"wp-block-heading\">3. Beschreibung der angebotenen Dienstleistungen.<\/h2>\n\n\n\n<p>Die Website <a href=\"http:\/\/www.lafruitiere.com\/de\/\">www.lafruitiere.com<\/a> dient dazu, Informationen \u00fcber s\u00e4mtliche Aktivit\u00e4ten des Unternehmens bereitzustellen.<\/p>\n\n\n\n<p>La Fruiti\u00e8re du Val Evel bem\u00fcht sich, auf der Website <a href=\"http:\/\/www.lafruitiere.com\/de\/\">www.lafruitiere.com<\/a> m\u00f6glichst genaue Informationen bereitzustellen. Sie kann jedoch nicht f\u00fcr Auslassungen, Ungenauigkeiten oder fehlende Aktualisierungen verantwortlich gemacht werden, unabh\u00e4ngig davon, ob diese durch sie selbst oder durch Dritte, die ihr diese Informationen zur Verf\u00fcgung stellen, verursacht wurden.<\/p>\n\n\n\n<p>Alle auf der Website <a href=\"http:\/\/www.lafruitiere.com\/de\/\">www.lafruitiere.com<\/a> angegebenen Informationen dienen lediglich als Richtwerte und k\u00f6nnen sich \u00e4ndern. Dar\u00fcber hinaus erheben die auf der Website <a href=\"http:\/\/www.lafruitiere.com\/de\/\">www.lafruitiere.com<\/a> enthaltenen Angaben keinen Anspruch auf Vollst\u00e4ndigkeit. Sie werden vorbehaltlich von \u00c4nderungen bereitgestellt, die seit ihrer Ver\u00f6ffentlichung vorgenommen wurden.<\/p>\n\n\n\n<h2 class=\"wp-block-heading\">4. Vertragliche Beschr\u00e4nkungen bez\u00fcglich technischer Daten.<\/h2>\n\n\n\n<p>Die Website verwendet JavaScript-Technologie.<\/p>\n\n\n\n<p>Die Website kann nicht f\u00fcr Sachsch\u00e4den verantwortlich gemacht werden, die im Zusammenhang mit der Nutzung der Website entstehen. Dar\u00fcber hinaus verpflichtet sich der Nutzer der Website, auf diese mit einem aktuellen Ger\u00e4t zuzugreifen, das keine Viren enth\u00e4lt, sowie mit einem Browser der neuesten Generation, der auf dem neuesten Stand ist.<\/p>\n\n\n\n<h2 class=\"wp-block-heading\">5. Geistiges Eigentum und Urheberrechtsverletzungen.<\/h2>\n\n\n\n<p>La Fruiti\u00e8re du Val Evel ist Inhaberin der geistigen Eigentumsrechte oder besitzt die Nutzungsrechte an allen auf der Website zug\u00e4nglichen Elementen, insbesondere Texte, Bilder, Grafiken, Logos, Icons, T\u00f6ne und Software.<\/p>\n\n\n\n<p>Jegliche Vervielf\u00e4ltigung, Darstellung, \u00c4nderung, Ver\u00f6ffentlichung oder Anpassung der gesamten oder eines Teils der Elemente der Website, unabh\u00e4ngig von dem verwendeten Verfahren oder Mittel, ist ohne vorherige schriftliche Genehmigung von La Fruiti\u00e8re du Val Evel untersagt.<\/p>\n\n\n\n<p>Jegliche Vervielf\u00e4ltigung, Darstellung, \u00c4nderung, Ver\u00f6ffentlichung oder Anpassung der gesamten oder eines Teils der Elemente der Website, unabh\u00e4ngig von dem verwendeten Verfahren oder Mittel, ist ohne vorherige schriftliche Genehmigung von La Fruiti\u00e8re du Val Evel untersagt.<\/p>\n\n\n\n<h2 class=\"wp-block-heading\">6. Haftungsbeschr\u00e4nkungen.<\/h2>\n\n\n\n<p>La Fruiti\u00e8re du Val Evel kann nicht f\u00fcr direkte oder indirekte Sch\u00e4den an der Hardware des Nutzers haftbar gemacht werden, die beim Zugriff auf die Website <a href=\"http:\/\/www.lafruitiere.com\/de\/\">www.lafruitiere.com<\/a> entstehen und entweder auf die Verwendung von Ger\u00e4ten zur\u00fcckzuf\u00fchren sind, die nicht den unter Punkt 4 angegebenen Spezifikationen entsprechen, oder auf das Auftreten eines Fehlers (Bug) oder einer Inkompatibilit\u00e4t.<\/p>\n\n\n\n<p>La Fruiti\u00e8re du Val Evel kann ebenfalls nicht f\u00fcr indirekte Sch\u00e4den haftbar gemacht werden (wie beispielsweise Marktverluste oder entgangene Chancen), die aus der Nutzung der Website <a href=\"http:\/\/www.lafruitiere.com\/de\/\">www.lafruitiere.com<\/a> entstehen.<\/p>\n\n\n\n<p>Den Nutzern stehen interaktive Bereiche zur Verf\u00fcgung (M\u00f6glichkeit, Fragen im Kontaktbereich zu stellen). La Fruiti\u00e8re du Val Evel beh\u00e4lt sich das Recht vor, ohne vorherige Mahnung jegliche in diesem Bereich ver\u00f6ffentlichte Inhalte zu entfernen, die gegen die in Frankreich geltenden Rechtsvorschriften versto\u00dfen, insbesondere gegen die Bestimmungen zum Datenschutz. Gegebenenfalls beh\u00e4lt sich La Fruiti\u00e8re du Val Evel auch die M\u00f6glichkeit vor, die zivil- und\/oder strafrechtliche Haftung des Nutzers in Anspruch zu nehmen, insbesondere im Falle von rassistischen, beleidigenden, diffamierenden oder pornografischen Inhalten, unabh\u00e4ngig vom verwendeten Medium (Text, Foto usw.).<\/p>\n\n\n\n<h2 class=\"wp-block-heading\">7. Verwaltung personenbezogener Daten.<\/h2>\n\n\n\n<p>In Frankreich werden personenbezogene Daten insbesondere durch das Gesetz Nr. 78-87 vom 6. Januar 1978, das Gesetz Nr. 2004-801 vom 6. August 2004, Artikel L. 226-13 des Strafgesetzbuchs sowie die Europ\u00e4ische Richtlinie vom 24. Oktober 1995 gesch\u00fctzt.<\/p>\n\n\n\n<p>Im Rahmen der Nutzung der Website <a href=\"http:\/\/www.lafruitiere.com\/de\/\">www.lafruitiere.com<\/a> k\u00f6nnen folgende Daten erfasst werden: die URL der Links, \u00fcber die der Nutzer auf die Website <a href=\"http:\/\/www.lafruitiere.com\/de\/\">www.lafruitiere.com<\/a> zugegriffen hat, der Internetdienstanbieter des Nutzers sowie die Internetprotokoll-Adresse (IP-Adresse) des Nutzers.<\/p>\n\n\n\n<p>In jedem Fall erhebt La Fruiti\u00e8re du Val Evel personenbezogene Daten \u00fcber den Nutzer nur im Rahmen der Erbringung bestimmter \u00fcber die Website <a href=\"http:\/\/www.lafruitiere.com\/de\/\">www.lafruitiere.com<\/a> angebotener Dienstleistungen. Der Nutzer stellt diese Informationen in voller Kenntnis der Sachlage zur Verf\u00fcgung, insbesondere wenn er sie selbst eingibt. Der Nutzer der Website <a href=\"http:\/\/www.lafruitiere.com\/de\/\">www.lafruitiere.com<\/a> wird dabei dar\u00fcber informiert, ob die Angabe dieser Informationen verpflichtend ist oder nicht.<\/p>\n\n\n\n<p>Gem\u00e4\u00df den Bestimmungen der Artikel 38 ff. des Gesetzes Nr. 78-17 vom 6. Januar 1978 \u00fcber Informatik, Dateien und Freiheiten verf\u00fcgt jeder Nutzer \u00fcber ein Recht auf Auskunft, Berichtigung und Widerspruch hinsichtlich der ihn betreffenden personenbezogenen Daten. Die Aus\u00fcbung dieses Rechts erfolgt durch einen schriftlichen und unterzeichneten Antrag, dem eine Kopie eines Identit\u00e4tsnachweises mit Unterschrift des Inhabers des Dokuments beizuf\u00fcgen ist, wobei die Adresse anzugeben ist, an die die Antwort gesendet werden soll.<\/p>\n\n\n\n<p>Keine personenbezogenen Daten des Nutzers der Website <a href=\"http:\/\/www.lafruitiere.com\/de\/\">www.lafruitiere.com<\/a> werden ohne dessen Wissen ver\u00f6ffentlicht, ausgetauscht, \u00fcbertragen, abgetreten oder in irgendeiner Form an Dritte verkauft. Nur im Falle einer \u00dcbernahme von La Fruiti\u00e8re du Val Evel und ihrer Rechte k\u00f6nnten die genannten Informationen an den potenziellen Erwerber \u00fcbermittelt werden, der seinerseits denselben Verpflichtungen zur Speicherung und \u00c4nderung der Daten gegen\u00fcber dem Nutzer der Website <a href=\"http:\/\/www.lafruitiere.com\/de\/\">www.lafruitiere.com<\/a> unterliegt.<\/p>\n\n\n\n<p>Die Website ist nicht bei der CNIL gemeldet, da sie keine personenbezogenen Daten erhebt.<\/p>\n\n\n\n<p>Datenbanken sind durch die Bestimmungen des Gesetzes vom 1. Juli 1998 gesch\u00fctzt, das die Richtlinie 96\/9 vom 11. M\u00e4rz 1996 \u00fcber den rechtlichen Schutz von Datenbanken in nationales Recht umsetzt.<\/p>\n\n\n\n<h2 class=\"wp-block-heading\">8. Hyperlinks und Cookies.<\/h2>\n\n\n\n<p>Die Website <a href=\"http:\/\/www.lafruitiere.com\/de\/\">www.lafruitiere.com<\/a> enth\u00e4lt eine Reihe von Hyperlinks zu anderen Websites, die mit der Genehmigung von La Fruiti\u00e8re du Val Evel eingerichtet wurden. La Fruiti\u00e8re du Val Evel hat jedoch keine M\u00f6glichkeit, den Inhalt der so besuchten Websites zu \u00fcberpr\u00fcfen und \u00fcbernimmt daher keinerlei Verantwortung daf\u00fcr.<\/p>\n\n\n\n<p>Beim Surfen auf der Website <a href=\"http:\/\/www.lafruitiere.com\/de\/\">www.lafruitiere.com<\/a> k\u00f6nnen Cookies auf dem Computer des Nutzers installiert werden. Ein Cookie ist eine kleine Datei, die keine Identifizierung des Nutzers erm\u00f6glicht, jedoch Informationen \u00fcber die Navigation eines Computers auf einer Website speichert. Die so gewonnenen Daten dienen dazu, die sp\u00e4tere Navigation auf der Website zu erleichtern und au\u00dferdem verschiedene Nutzungs- und Besuchsstatistiken zu erm\u00f6glichen.<\/p>\n\n\n\n<p>Die Ablehnung der Installation eines Cookies kann dazu f\u00fchren, dass der Zugriff auf bestimmte Dienste nicht m\u00f6glich ist. Der Nutzer kann seinen Computer jedoch wie folgt konfigurieren, um die Installation von Cookies abzulehnen:<\/p>\n\n\n\n<p>Unter Internet Explorer: Registerkarte \u201eExtras\u201c (Symbol in Form eines Zahnrads oben rechts) \/ Internetoptionen. Klicken Sie auf \u201eDatenschutz\u201c und w\u00e4hlen Sie \u201eAlle Cookies blockieren\u201c. Best\u00e4tigen Sie mit \u201eOK\u201c.<\/p>\n\n\n\n<p>Unter Firefox: Klicken Sie oben im Browserfenster auf die Schaltfl\u00e4che \u201eFirefox\u201c und gehen Sie anschlie\u00dfend auf den Reiter \u201eOptionen\u201c. Klicken Sie auf den Reiter \u201eDatenschutz\u201c. Stellen Sie die Chronik-Einstellungen auf: \u201enach benutzerdefinierten Einstellungen anlegen\u201c. Deaktivieren Sie anschlie\u00dfend das Kontrollk\u00e4stchen, um Cookies zu deaktivieren.<\/p>\n\n\n\n<p>Unter Safari: Klicken Sie oben rechts im Browser auf das Men\u00fcsymbol (durch ein Zahnrad symbolisiert). W\u00e4hlen Sie \u201eEinstellungen\u201c. Klicken Sie auf \u201eErweiterte Einstellungen anzeigen\u201c. Im Bereich \u201eDatenschutz\u201c klicken Sie auf \u201eInhaltseinstellungen\u201c. Im Abschnitt \u201eCookies\u201c k\u00f6nnen Sie Cookies blockieren.<\/p>\n\n\n\n<p>Unter Chrome: Klicken Sie oben rechts im Browser auf das Men\u00fcsymbol (symbolisiert durch drei horizontale Linien). W\u00e4hlen Sie \u201eEinstellungen\u201c. Klicken Sie auf \u201eErweiterte Einstellungen anzeigen\u201c. Im Bereich \u201eDatenschutz\u201c klicken Sie auf \u201eEinstellungen\u201c. Im Reiter \u201eDatenschutz\u201c k\u00f6nnen Sie Cookies blockieren.<\/p>\n\n\n\n<h2 class=\"wp-block-heading\">9. Anwendbares Recht und Gerichtsstand.<\/h2>\n\n\n\n<p>Alle Streitigkeiten im Zusammenhang mit der Nutzung der Website <a href=\"http:\/\/www.lafruitiere.com\/de\/\">www.lafruitiere.com<\/a> unterliegen dem franz\u00f6sischen Recht. Ausschlie\u00dflicher Gerichtsstand sind die zust\u00e4ndigen Gerichte in Paris.<\/p>\n\n\n\n<h2 class=\"wp-block-heading\">10. Die wichtigsten anwendbaren Gesetze.<\/h2>\n\n\n\n<p>Gesetz Nr. 78-17 vom 6. Januar 1978, insbesondere ge\u00e4ndert durch das Gesetz Nr. 2004-801 vom 6. August 2004 \u00fcber Informatik, Dateien und Freiheiten.<\/p>\n\n\n\n<p>Gesetz Nr. 2004-575 vom 21. Juni 2004 \u00fcber das Vertrauen in die digitale Wirtschaft.<\/p>\n\n\n\n<h2 class=\"wp-block-heading\">11. Glossar.<\/h2>\n\n\n\n<p>Nutzer: Internetnutzer, der sich mit der oben genannten Website verbindet und diese nutzt.<\/p>\n\n\n\n<p>Personenbezogene Daten: \u201eInformationen, die in irgendeiner Form, direkt oder indirekt, die Identifizierung der nat\u00fcrlichen Personen erm\u00f6glichen, auf die sie sich beziehen\u201c (Artikel 4 des Gesetzes Nr. 78-17 vom 6. Januar 1978).<\/p>\n","protected":false},"excerpt":{"rendered":"<p>1. Vorstellung der Website. Gem\u00e4\u00df Artikel 6 des Gesetzes Nr. 2004-575 vom 21. Juni 2004 \u00fcber das Vertrauen in die digitale Wirtschaft werden die Nutzer der Website www.lafruitiere.com \u00fcber die Identit\u00e4t der verschiedenen Beteiligten an der Erstellung und Betreuung der Website informiert: Eigent\u00fcmer: La Fruiti\u00e8re du Val Evel \u2013 Vereinfachte Aktiengesellschaft (SAS) \u2013 10, Luzunin&hellip;<\/p>\n","protected":false},"author":1,"featured_media":0,"parent":0,"menu_order":0,"comment_status":"closed","ping_status":"closed","template":"","meta":{"_acf_changed":false,"footnotes":""},"class_list":["post-1549","page","type-page","status-publish","hentry"],"acf":[],"yoast_head":"<!-- This site is optimized with the Yoast SEO plugin v27.5 - https:\/\/yoast.com\/product\/yoast-seo-wordpress\/ -->\n<title>Rechtlicher Hinweis - La Fruiti\u00e8re du Val Evel<\/title>\n<meta name=\"robots\" content=\"noindex, nofollow\" \/>\n<meta property=\"og:locale\" content=\"de_DE\" \/>\n<meta property=\"og:type\" content=\"article\" \/>\n<meta property=\"og:title\" content=\"Rechtlicher Hinweis - La Fruiti\u00e8re du Val Evel\" \/>\n<meta property=\"og:description\" content=\"1. Vorstellung der Website. Gem\u00e4\u00df Artikel 6 des Gesetzes Nr. 2004-575 vom 21. Juni 2004 \u00fcber das Vertrauen in die digitale Wirtschaft werden die Nutzer der Website www.lafruitiere.com \u00fcber die Identit\u00e4t der verschiedenen Beteiligten an der Erstellung und Betreuung der Website informiert: Eigent\u00fcmer: La Fruiti\u00e8re du Val Evel \u2013 Vereinfachte Aktiengesellschaft (SAS) \u2013 10, Luzunin&hellip;\" \/>\n<meta property=\"og:url\" content=\"https:\/\/www.lafruitiere.com\/de\/rechtlicher-hinweis\/\" \/>\n<meta property=\"og:site_name\" content=\"La Fruiti\u00e8re du Val Evel\" \/>\n<meta property=\"article:publisher\" content=\"https:\/\/www.facebook.com\/lafruitiere.du.val.evel\/\" \/>\n<meta property=\"article:modified_time\" content=\"2026-04-23T10:43:39+00:00\" \/>\n<meta name=\"twitter:card\" content=\"summary_large_image\" \/>\n<meta name=\"twitter:site\" content=\"@la_fruitiere\" \/>\n<meta name=\"twitter:label1\" content=\"Gesch\u00e4tzte Lesezeit\" \/>\n\t<meta name=\"twitter:data1\" content=\"8\u00a0Minuten\" \/>\n<script type=\"application\/ld+json\" class=\"yoast-schema-graph\">{\"@context\":\"https:\\\/\\\/schema.org\",\"@graph\":[{\"@type\":\"WebPage\",\"@id\":\"https:\\\/\\\/www.lafruitiere.com\\\/de\\\/rechtlicher-hinweis\\\/\",\"url\":\"https:\\\/\\\/www.lafruitiere.com\\\/de\\\/rechtlicher-hinweis\\\/\",\"name\":\"Rechtlicher Hinweis - La Fruiti\u00e8re du Val Evel\",\"isPartOf\":{\"@id\":\"https:\\\/\\\/www.lafruitiere.com\\\/de\\\/#website\"},\"datePublished\":\"2020-10-26T10:03:33+00:00\",\"dateModified\":\"2026-04-23T10:43:39+00:00\",\"breadcrumb\":{\"@id\":\"https:\\\/\\\/www.lafruitiere.com\\\/de\\\/rechtlicher-hinweis\\\/#breadcrumb\"},\"inLanguage\":\"de\",\"potentialAction\":[{\"@type\":\"ReadAction\",\"target\":[\"https:\\\/\\\/www.lafruitiere.com\\\/de\\\/rechtlicher-hinweis\\\/\"]}]},{\"@type\":\"BreadcrumbList\",\"@id\":\"https:\\\/\\\/www.lafruitiere.com\\\/de\\\/rechtlicher-hinweis\\\/#breadcrumb\",\"itemListElement\":[{\"@type\":\"ListItem\",\"position\":1,\"name\":\"Startseite\",\"item\":\"https:\\\/\\\/www.lafruitiere.com\\\/de\\\/\"},{\"@type\":\"ListItem\",\"position\":2,\"name\":\"Rechtlicher Hinweis\"}]},{\"@type\":\"WebSite\",\"@id\":\"https:\\\/\\\/www.lafruitiere.com\\\/de\\\/#website\",\"url\":\"https:\\\/\\\/www.lafruitiere.com\\\/de\\\/\",\"name\":\"La Fruiti\u00e8re du Val Evel\",\"description\":\"Le go\u00fbt, naturellement\",\"publisher\":{\"@id\":\"https:\\\/\\\/www.lafruitiere.com\\\/de\\\/#organization\"},\"potentialAction\":[{\"@type\":\"SearchAction\",\"target\":{\"@type\":\"EntryPoint\",\"urlTemplate\":\"https:\\\/\\\/www.lafruitiere.com\\\/de\\\/?s={search_term_string}\"},\"query-input\":{\"@type\":\"PropertyValueSpecification\",\"valueRequired\":true,\"valueName\":\"search_term_string\"}}],\"inLanguage\":\"de\"},{\"@type\":\"Organization\",\"@id\":\"https:\\\/\\\/www.lafruitiere.com\\\/de\\\/#organization\",\"name\":\"La Fruiti\u00e8re du Val Evel\",\"url\":\"https:\\\/\\\/www.lafruitiere.com\\\/de\\\/\",\"logo\":{\"@type\":\"ImageObject\",\"inLanguage\":\"de\",\"@id\":\"https:\\\/\\\/www.lafruitiere.com\\\/de\\\/#\\\/schema\\\/logo\\\/image\\\/\",\"url\":\"https:\\\/\\\/www.lafruitiere.com\\\/wp-content\\\/uploads\\\/2020\\\/08\\\/logo-lafruitiere-2017.png\",\"contentUrl\":\"https:\\\/\\\/www.lafruitiere.com\\\/wp-content\\\/uploads\\\/2020\\\/08\\\/logo-lafruitiere-2017.png\",\"width\":232,\"height\":138,\"caption\":\"La Fruiti\u00e8re du Val Evel\"},\"image\":{\"@id\":\"https:\\\/\\\/www.lafruitiere.com\\\/de\\\/#\\\/schema\\\/logo\\\/image\\\/\"},\"sameAs\":[\"https:\\\/\\\/www.facebook.com\\\/lafruitiere.du.val.evel\\\/\",\"https:\\\/\\\/x.com\\\/la_fruitiere\",\"https:\\\/\\\/www.instagram.com\\\/la.fruitiere\\\/?hl=fr\",\"https:\\\/\\\/fr.linkedin.com\\\/company\\\/la-fruiti\u00e8re-du-val-evel\",\"https:\\\/\\\/www.pinterest.fr\\\/la_fruitiere\\\/\",\"https:\\\/\\\/www.youtube.com\\\/channel\\\/UCpwUIbz8Dl2cPKTIn8EgSAQ\"]}]}<\/script>\n<!-- \/ Yoast SEO plugin. -->","yoast_head_json":{"title":"Rechtlicher Hinweis - La Fruiti\u00e8re du Val Evel","robots":{"index":"noindex","follow":"nofollow"},"og_locale":"de_DE","og_type":"article","og_title":"Rechtlicher Hinweis - La Fruiti\u00e8re du Val Evel","og_description":"1. Vorstellung der Website. Gem\u00e4\u00df Artikel 6 des Gesetzes Nr. 2004-575 vom 21. Juni 2004 \u00fcber das Vertrauen in die digitale Wirtschaft werden die Nutzer der Website www.lafruitiere.com \u00fcber die Identit\u00e4t der verschiedenen Beteiligten an der Erstellung und Betreuung der Website informiert: Eigent\u00fcmer: La Fruiti\u00e8re du Val Evel \u2013 Vereinfachte Aktiengesellschaft (SAS) \u2013 10, Luzunin&hellip;","og_url":"https:\/\/www.lafruitiere.com\/de\/rechtlicher-hinweis\/","og_site_name":"La Fruiti\u00e8re du Val Evel","article_publisher":"https:\/\/www.facebook.com\/lafruitiere.du.val.evel\/","article_modified_time":"2026-04-23T10:43:39+00:00","twitter_card":"summary_large_image","twitter_site":"@la_fruitiere","twitter_misc":{"Gesch\u00e4tzte Lesezeit":"8\u00a0Minuten"},"schema":{"@context":"https:\/\/schema.org","@graph":[{"@type":"WebPage","@id":"https:\/\/www.lafruitiere.com\/de\/rechtlicher-hinweis\/","url":"https:\/\/www.lafruitiere.com\/de\/rechtlicher-hinweis\/","name":"Rechtlicher Hinweis - La Fruiti\u00e8re du Val Evel","isPartOf":{"@id":"https:\/\/www.lafruitiere.com\/de\/#website"},"datePublished":"2020-10-26T10:03:33+00:00","dateModified":"2026-04-23T10:43:39+00:00","breadcrumb":{"@id":"https:\/\/www.lafruitiere.com\/de\/rechtlicher-hinweis\/#breadcrumb"},"inLanguage":"de","potentialAction":[{"@type":"ReadAction","target":["https:\/\/www.lafruitiere.com\/de\/rechtlicher-hinweis\/"]}]},{"@type":"BreadcrumbList","@id":"https:\/\/www.lafruitiere.com\/de\/rechtlicher-hinweis\/#breadcrumb","itemListElement":[{"@type":"ListItem","position":1,"name":"Startseite","item":"https:\/\/www.lafruitiere.com\/de\/"},{"@type":"ListItem","position":2,"name":"Rechtlicher Hinweis"}]},{"@type":"WebSite","@id":"https:\/\/www.lafruitiere.com\/de\/#website","url":"https:\/\/www.lafruitiere.com\/de\/","name":"La Fruiti\u00e8re du Val Evel","description":"Le go\u00fbt, naturellement","publisher":{"@id":"https:\/\/www.lafruitiere.com\/de\/#organization"},"potentialAction":[{"@type":"SearchAction","target":{"@type":"EntryPoint","urlTemplate":"https:\/\/www.lafruitiere.com\/de\/?s={search_term_string}"},"query-input":{"@type":"PropertyValueSpecification","valueRequired":true,"valueName":"search_term_string"}}],"inLanguage":"de"},{"@type":"Organization","@id":"https:\/\/www.lafruitiere.com\/de\/#organization","name":"La Fruiti\u00e8re du Val Evel","url":"https:\/\/www.lafruitiere.com\/de\/","logo":{"@type":"ImageObject","inLanguage":"de","@id":"https:\/\/www.lafruitiere.com\/de\/#\/schema\/logo\/image\/","url":"https:\/\/www.lafruitiere.com\/wp-content\/uploads\/2020\/08\/logo-lafruitiere-2017.png","contentUrl":"https:\/\/www.lafruitiere.com\/wp-content\/uploads\/2020\/08\/logo-lafruitiere-2017.png","width":232,"height":138,"caption":"La Fruiti\u00e8re du Val Evel"},"image":{"@id":"https:\/\/www.lafruitiere.com\/de\/#\/schema\/logo\/image\/"},"sameAs":["https:\/\/www.facebook.com\/lafruitiere.du.val.evel\/","https:\/\/x.com\/la_fruitiere","https:\/\/www.instagram.com\/la.fruitiere\/?hl=fr","https:\/\/fr.linkedin.com\/company\/la-fruiti\u00e8re-du-val-evel","https:\/\/www.pinterest.fr\/la_fruitiere\/","https:\/\/www.youtube.com\/channel\/UCpwUIbz8Dl2cPKTIn8EgSAQ"]}]}},"_links":{"self":[{"href":"https:\/\/www.lafruitiere.com\/de\/wp-json\/wp\/v2\/pages\/1549","targetHints":{"allow":["GET"]}}],"collection":[{"href":"https:\/\/www.lafruitiere.com\/de\/wp-json\/wp\/v2\/pages"}],"about":[{"href":"https:\/\/www.lafruitiere.com\/de\/wp-json\/wp\/v2\/types\/page"}],"author":[{"embeddable":true,"href":"https:\/\/www.lafruitiere.com\/de\/wp-json\/wp\/v2\/users\/1"}],"replies":[{"embeddable":true,"href":"https:\/\/www.lafruitiere.com\/de\/wp-json\/wp\/v2\/comments?post=1549"}],"version-history":[{"count":3,"href":"https:\/\/www.lafruitiere.com\/de\/wp-json\/wp\/v2\/pages\/1549\/revisions"}],"predecessor-version":[{"id":5391,"href":"https:\/\/www.lafruitiere.com\/de\/wp-json\/wp\/v2\/pages\/1549\/revisions\/5391"}],"wp:attachment":[{"href":"https:\/\/www.lafruitiere.com\/de\/wp-json\/wp\/v2\/media?parent=1549"}],"curies":[{"name":"wp","href":"https:\/\/api.w.org\/{rel}","templated":true}]}}